{"id":5737,"date":"2023-05-19T10:46:25","date_gmt":"2023-05-19T15:46:25","guid":{"rendered":"https:\/\/web.ugelcondesuyos.com\/?page_id=5737"},"modified":"2024-03-18T16:18:16","modified_gmt":"2024-03-18T21:18:16","slug":"convivencia-escolar","status":"publish","type":"page","link":"https:\/\/web.ugelcondesuyos.com\/?page_id=5737","title":{"rendered":"CONVIVENCIA ESCOLAR"},"content":{"rendered":"\n<figure class=\"wp-block-image size-large\"><img decoding=\"async\" loading=\"lazy\" width=\"1024\" height=\"572\" src=\"https:\/\/web.ugelcondesuyos.com\/wp-content\/uploads\/image-4-1024x572.jpg\" alt=\"\" class=\"wp-image-5738\" srcset=\"https:\/\/web.ugelcondesuyos.com\/wp-content\/uploads\/image-4-1024x572.jpg 1024w, https:\/\/web.ugelcondesuyos.com\/wp-content\/uploads\/image-4-300x168.jpg 300w, https:\/\/web.ugelcondesuyos.com\/wp-content\/uploads\/image-4-768x429.jpg 768w, https:\/\/web.ugelcondesuyos.com\/wp-content\/uploads\/image-4.jpg 1413w\" sizes=\"(max-width: 1024px) 100vw, 1024px\" \/><\/figure>\n\n\n\n<p><\/p>\n\n\n\n<figure class=\"wp-block-table is-style-regular\"><table class=\"has-vivid-cyan-blue-color has-very-light-gray-to-cyan-bluish-gray-gradient-background has-text-color has-background\"><tbody><tr><td><H3 class=\"collapseomatic \" id=\"id69f0d317c63e3\"  tabindex=\"0\" title=\"&lt;strong&gt;GUIA PARA DOCENTES&lt;\/strong&gt;\"    ><strong>GUIA PARA DOCENTES<\/strong><\/H3><div id=\"target-id69f0d317c63e3\" class=\"collapseomatic_content \"><br><a href=\"https:\/\/web.ugelcondesuyos.com\/wp-content\/uploads\/GUIA-PARA-PREVENIR-Y-ATENDER-LA-VIOLENCIA-SEXUAL.pdf\" data-type=\"link\" data-id=\"https:\/\/web.ugelcondesuyos.com\/wp-content\/uploads\/GUIA-PARA-PREVENIR-Y-ATENDER-LA-VIOLENCIA-SEXUAL.pdf\">GUIA PARA PREVENIR Y ATENDER LA VIOLENCIA SEXUAL<\/a><br><a href=\"https:\/\/web.ugelcondesuyos.com\/wp-content\/uploads\/PREVENCION-Y-ATENCION-FRENTE-AL-ACOSO-ENTRE-ESTUDIANTES.pdf\" data-type=\"link\" data-id=\"https:\/\/web.ugelcondesuyos.com\/wp-content\/uploads\/PREVENCION-Y-ATENCION-FRENTE-AL-ACOSO-ENTRE-ESTUDIANTES.pdf\">PREVENCI\u00d3N Y ATENCI\u00d3N FRENTE AL ACOSO ENTRE ESTUDIANTES<\/a><br><a href=\"https:\/\/web.ugelcondesuyos.com\/wp-content\/uploads\/PROTOCOLOS-PARA-LA-ATENCION-DE-VIOLENCIA-ESCOLAR.pdf\" data-type=\"link\" data-id=\"https:\/\/web.ugelcondesuyos.com\/wp-content\/uploads\/PROTOCOLOS-PARA-LA-ATENCION-DE-VIOLENCIA-ESCOLAR.pdf\">PROTOCOLOS PARA LA ATENCI\u00d3N DE VIOLENCIA ESCOLAR<\/a><br><\/div><\/td><td><H3 class=\"collapseomatic \" id=\"id69f0d317c6413\"  tabindex=\"0\" title=\"&lt;strong&gt;&lt;strong&gt;&lt;strong&gt;FORMATOS SEPARACION PREVENTIVA&lt;\/strong&gt;&lt;\/strong&gt;&lt;\/strong&gt;\"    ><strong><strong><strong>FORMATOS SEPARACION PREVENTIVA<\/strong><\/strong><\/strong><\/H3><div id=\"target-id69f0d317c6413\" class=\"collapseomatic_content \"><br><a href=\"https:\/\/web.ugelcondesuyos.com\/wp-content\/uploads\/FORMATO-DE-R.D.-MEDIDA-DE-SEPARACION-PREVENTIVA-PERSONAL-ADMINISTRATIVO-RVOTEPA.docx\" data-type=\"link\" data-id=\"https:\/\/web.ugelcondesuyos.com\/wp-content\/uploads\/FORMATO-DE-R.D.-MEDIDA-DE-SEPARACION-PREVENTIVA-PERSONAL-ADMINISTRATIVO-RVOTEPA.docx\">FORMATO DE R.D. MEDIDA DE SEPARACI\u00d3N PREVENTIVA PERSONAL ADMINISTRATIVO (RVOTEPA)<\/a><br><a href=\"https:\/\/web.ugelcondesuyos.com\/wp-content\/uploads\/FORMATO-DE-RD-DOCENTES.docx\" data-type=\"link\" data-id=\"https:\/\/web.ugelcondesuyos.com\/wp-content\/uploads\/FORMATO-DE-RD-DOCENTES.docx\">FORMATO DE RD DOCENTES<\/a><br><a href=\"https:\/\/web.ugelcondesuyos.com\/wp-content\/uploads\/FORMATO-R.D-AMPLIACION.docx\">FORMATO R.D AMPLIACI\u00d3N<\/a><br><\/div><\/td><\/tr><tr><td><H3 class=\"collapseomatic \" id=\"id69f0d317c6426\"  tabindex=\"0\" title=\"&lt;strong&gt;&lt;strong&gt;GUIAS PARA PADRES&lt;\/strong&gt;&lt;\/strong&gt;\"    ><strong><strong>GUIAS PARA PADRES<\/strong><\/strong><\/H3><div id=\"target-id69f0d317c6426\" class=\"collapseomatic_content \"><br><a href=\"https:\/\/web.ugelcondesuyos.com\/wp-content\/uploads\/COMO-MEJORAR-LAS-CONDUCTAS-DE-SU-HIJO.pdf\" data-type=\"link\" data-id=\"https:\/\/web.ugelcondesuyos.com\/wp-content\/uploads\/COMO-MEJORAR-LAS-CONDUCTAS-DE-SU-HIJO.pdf\">COMO MEJORAR LAS CONDUCTAS DE SU HIJO<\/a><br><\/div><\/td><td><H3 class=\"collapseomatic \" id=\"id69f0d317c6434\"  tabindex=\"0\" title=\"&lt;strong&gt;&lt;strong&gt;&lt;strong&gt;FORMATOS SISEVE&lt;\/strong&gt;&lt;\/strong&gt;&lt;\/strong&gt;\"    ><strong><strong><strong>FORMATOS SISEVE<\/strong><\/strong><\/strong><\/H3><div id=\"target-id69f0d317c6434\" class=\"collapseomatic_content \"><br><a href=\"https:\/\/web.ugelcondesuyos.com\/wp-content\/uploads\/ACTA-DE-CIERRE-DE-CASO-DE-VIOLENCIA-DEL-PERSONAL-DE-LA-IIEE.docx\">ACTA DE CIERRE DE CASO DE VIOLENCIA DEL PERSONAL DE LA IIEE<\/a><br><a href=\"https:\/\/web.ugelcondesuyos.com\/wp-content\/uploads\/ACTA-DE-CIERRE-DE-CASO-DE-VIOLENCIA-ENTRE-ESTUDIANTES.docx\">ACTA DE CIERRE DE CASO DE VIOLENCIA ENTRE ESTUDIANTES<\/a><br><a href=\"https:\/\/web.ugelcondesuyos.com\/wp-content\/uploads\/ACTA-DE-COMPROMISO.doc\">ACTA DE COMPROMISO<\/a><br><a href=\"https:\/\/web.ugelcondesuyos.com\/wp-content\/uploads\/ACTA-DE-DENUNCIA.doc\">ACTA DE DENUNCIA<\/a><br><a href=\"https:\/\/web.ugelcondesuyos.com\/wp-content\/uploads\/ACTA.docx\">ACTA<\/a><br><a href=\"https:\/\/web.ugelcondesuyos.com\/wp-content\/uploads\/FICHA-DE-DERIVACION_.doc\">FICHA DE DERIVACI\u00d3N<\/a><br><a href=\"https:\/\/web.ugelcondesuyos.com\/wp-content\/uploads\/FICHA-DE-ENTREVISTA.doc\">FICHA DE ENTREVISTA<\/a><br><a href=\"https:\/\/web.ugelcondesuyos.com\/wp-content\/uploads\/FICHA-DE-SEGUIMIENTO-DE-DERIVACION-AREA-ESPECIALIZADA.doc\">FICHA DE SEGUIMIENTO DE DERIVACI\u00d3N AREA ESPECIALIZADA<\/a><br><a href=\"https:\/\/web.ugelcondesuyos.com\/wp-content\/uploads\/FICHA-DE-SEGUIMIENTO.doc\">FICHA DE SEGUIMIENTO<\/a><br><a href=\"https:\/\/web.ugelcondesuyos.com\/wp-content\/uploads\/FORMATO-DE-REGISTRO-DE-INCIDENCIAS.docx\">FORMATO DE REGISTRO DE INCIDENCIAS<\/a><br><a href=\"https:\/\/web.ugelcondesuyos.com\/wp-content\/uploads\/MONITOREO-DEL-PLAN-DE-TUTORIA.docx\">MONITOREO DEL PLAN DE TUTORIA<\/a><br><a href=\"https:\/\/web.ugelcondesuyos.com\/wp-content\/uploads\/OFICIO-DE-COMUNICACION-DEL-CASOPNP-O-FISCALIA.docx\">OFICIO DE COMUNICACI\u00d3N DEL CASO PNP O FISCALIA<\/a><br><a href=\"https:\/\/web.ugelcondesuyos.com\/wp-content\/uploads\/OFICIO-E-INFORMA-A-LA-UGEL.docx\">OFICIO E INFORME A LA UGEL<\/a><br><a href=\"https:\/\/web.ugelcondesuyos.com\/wp-content\/uploads\/PLAN-DE-TUTORIA.docx\">PLAN DE TUTORIA<br><\/a><\/div><\/td><\/tr><tr><td><H3 class=\"collapseomatic \" id=\"id69f0d317c6442\"  tabindex=\"0\" title=\"&lt;strong&gt;&lt;strong&gt;&lt;strong&gt;MATERIAL DE APOYO, TRABAJO ESTUDIANTES&lt;\/strong&gt;&lt;\/strong&gt;&lt;\/strong&gt;\"    ><strong><strong><strong>MATERIAL DE APOYO, TRABAJO ESTUDIANTES<\/strong><\/strong><\/strong><\/H3><div id=\"target-id69f0d317c6442\" class=\"collapseomatic_content \"><br><a href=\"https:\/\/web.ugelcondesuyos.com\/wp-content\/uploads\/ABORDANDO-LA-VIOLENCIA-EN-EL-ENTORNO-ESCOLAR-DESDE-UNA-PROPUESTA-INTEGRAL.pdf\">ABORDANDO LA VIOLENCIA EN EL ENTORNO ESCOLAR DESDE UNA PROPUESTA INTEGRAL<\/a><br><a href=\"https:\/\/web.ugelcondesuyos.com\/wp-content\/uploads\/ACCIONES-SUGERIDAS-PARA-CADA-BLOQUE-DE-SEMANA-DE-GESTION.pdf\">ACCIONES SUGERIDAS PARA CADA BLOQUE DE SEMANA DE GESTION<\/a><br><a href=\"https:\/\/web.ugelcondesuyos.com\/wp-content\/uploads\/ACTUALIZACION-DE-LAS-NORMAS-DE-CONVIVENCIA-DEL-AULA.pdf\">ACTUALIZACI\u00d3N DE LAS NORMAS DE CONVIVENCIA DEL AULA<\/a><br><a href=\"https:\/\/web.ugelcondesuyos.com\/wp-content\/uploads\/APRENDIENDO-ESTRATEGIAS-DE-SENSIBILIZACION-Y-ORGANIZACION-PARA-IMPLEMENTAR-EL-PREVI.pdf\">APLICANDO ESTRATEGIAS DE SENSIBILIZACI\u00d3N Y ORGANIZACI\u00d3N PREVI<\/a><br><a href=\"https:\/\/web.ugelcondesuyos.com\/wp-content\/uploads\/ASPECTOS-METODOLOGICOS-PARA-LA-IMPLEMENTACION-PREVI.pdf\">APRENDIENDO ESTRATEGIAS DE SENSIBILIZACI\u00d3N Y ORGANIZACI\u00d3N<strong>&nbsp;<\/strong>PREVI<\/a><br><a href=\"https:\/\/web.ugelcondesuyos.com\/wp-content\/uploads\/CLIMA-LABORAL.pdf\">CLIMA LABORAL<\/a><br><a href=\"https:\/\/web.ugelcondesuyos.com\/wp-content\/uploads\/DISCIPLINA-CON-ENFOQUE-DE-DERECHOS-Y-HSE-PARA-LA-PREVENCION-DE-LA-VIOLENCIA-EN-EL-ENTORNO-ESCOLAR.pdf\">DISCIPLINA CON ENFOQUE DE DERECHOS Y HSE PARA LA PREVENCI\u00d3N<\/a><br><a href=\"https:\/\/web.ugelcondesuyos.com\/wp-content\/uploads\/DISCIPLINA-ESCOLAR-CON-ENFOQUE-DE-DERECHOS.pdf\">DISCIPLINA ESCOLAR CON ENFOQUE DE DERECHOS<\/a><br><a href=\"https:\/\/web.ugelcondesuyos.com\/wp-content\/uploads\/DISCIPLINA-POSITIVA_.pdf\">DISCIPLINA POSITIVA<\/a><br><a href=\"https:\/\/web.ugelcondesuyos.com\/wp-content\/uploads\/EDUCACION-SEXUAL-Y-ENAMORAMIENTO.pdf\">EDUCACION SEXUAL Y ENAMORAMIENTO<\/a><br><a href=\"https:\/\/web.ugelcondesuyos.com\/wp-content\/uploads\/ESTILOS-DE-CRIANZA.pdf\">ESTILOS DE CRIANZA<\/a><br><a href=\"http:\/\/HOSTIGAMIENTO SEXUAL\">HOSTIGAMIENTO SEXUAL<\/a><br><a href=\"https:\/\/web.ugelcondesuyos.com\/wp-content\/uploads\/LOS-VALORES-EL-RESPETO-RESPONSABILIDAD-Y-VERACIDAD.pdf\">LOS VALORES EL RESPETO, RESPONSABILIDAD Y VERACIDAD<\/a><br><a href=\"https:\/\/web.ugelcondesuyos.com\/wp-content\/uploads\/PREVI.pdf\">PREVI<\/a><br><a href=\"https:\/\/web.ugelcondesuyos.com\/wp-content\/uploads\/PROTOCOLOS-DE-ATENCION-PREGUNTAS-Y-RESPUESTAS_.pdf\">PROTOCOLOS DE ATENCION PREGUNTAS Y RESPUESTAS<\/a><br><a href=\"https:\/\/web.ugelcondesuyos.com\/wp-content\/uploads\/TIPOS-DE-VIOLENCIAS-A-NIVEL-VIRTUAL.pdf\">TIPOS DE VIOLENCIAS A NIVEL VIRTUAL<\/a><br><\/div><\/td><td><H3 class=\"collapseomatic \" id=\"id69f0d317c644f\"  tabindex=\"0\" title=\"&lt;strong&gt;&lt;strong&gt;&lt;strong&gt;NORMATIVA&lt;\/strong&gt;&lt;\/strong&gt;&lt;\/strong&gt;\"    ><strong><strong><strong>NORMATIVA<\/strong><\/strong><\/strong><\/H3><div id=\"target-id69f0d317c644f\" class=\"collapseomatic_content \"><br><a href=\"https:\/\/web.ugelcondesuyos.com\/wp-content\/uploads\/CARTILLA-DE-COMPROMISO-DE-GE-05-COMITE-DE-GESTION-Y-BIENESTAR.pdf\">CARTILLA DE COMPROMISO DE GE 05 COMIT\u00c9 DE GESTION Y BIENESTAR<\/a><br><a href=\"https:\/\/web.ugelcondesuyos.com\/wp-content\/uploads\/DS-N\u00b0-006-2021-MINEDU-APRUEBA-LOS-LINEAMIENTOS-PARA-LA-GESTION-ESCOLAR.pdf\">DS N\u00b0 006-2021-MINEDU &#8211; APRUEBA LOS LINEAMIENTOS PARA LA GESTION ESCOLAR<\/a><br><a href=\"https:\/\/web.ugelcondesuyos.com\/wp-content\/uploads\/DS-N\u00b0-006-2021-MINEDU-COMITES-DE-GESTION-DEL-BIENESTAR.pdf\">DS N\u00b0 006-2021-MINEDU &#8211; COMITES DE GESTION DEL BIENESTAR<\/a><br><a href=\"https:\/\/web.ugelcondesuyos.com\/wp-content\/uploads\/DS-N\u00b0013-2022-MINEDU-PROMOCION-DEL-BIENESTAR-SOCIOEMOCIONAL-DE-LAS-Y-LOS-ESTUDIANTES.pdf\">DS N\u00b0013-2022-MINEDU-PROMOCION DEL BIENESTAR SOCIOEMOCIONAL DE LAS Y LOS ESTUDIANTES<\/a><br><a href=\"https:\/\/web.ugelcondesuyos.com\/wp-content\/uploads\/RM-N\u00b0-189-2021-MINEDU-CREACION-DE-COMITES.pdf\">RM N\u00b0 189-2021-MINEDU &#8211; CREACION DE COMITES<\/a><br><a href=\"https:\/\/web.ugelcondesuyos.com\/wp-content\/uploads\/RM_N_274-2020-MINEDU-ACTUALIZACION-DE-LOS-PROTOCOLOS-DE-ATENCION-DE-LA-VIOLENCIA-EN-NNA.pdf\">RM_N_274-2020-MINEDU &#8211; ACTUALIZACION DE LOS PROTOCOLOS DE ATENCION DE LA VIOLENCIA EN NNA<\/a><br><a href=\"https:\/\/web.ugelcondesuyos.com\/wp-content\/uploads\/RVM-N\u00b0-212-2020-MINEDU-LINEAMIENTOS-DE-TUTORIA-Y-ORIENTACION-EDUCATIVA.pdf\">RVM N\u00b0 212-2020-MINEDU &#8211; LINEAMIENTOS DE TUTORIA Y ORIENTACION EDUCATIVA<\/a><br><\/div><\/td><\/tr><tr><td><H3 class=\"collapseomatic \" id=\"id69f0d317c646a\"  tabindex=\"0\" title=\"&lt;strong&gt;ORIENTACIONES GENERALES&lt;\/strong&gt;\"    ><strong>ORIENTACIONES GENERALES<\/strong><\/H3><div id=\"target-id69f0d317c646a\" class=\"collapseomatic_content \"><br><a href=\"https:\/\/web.ugelcondesuyos.com\/wp-content\/uploads\/CARTILLA-DE-COMITE-DE-GESTION-Y-BIENESTAR.pdf\">CARTILLA DE COMITE DE GESTION Y BIENESTAR<\/a><br><a href=\"https:\/\/web.ugelcondesuyos.com\/wp-content\/uploads\/CARTILLA-DE-INSTRUMENTOS-DE-GESTION.pdf\">CARTILLA DE INSTRUMENTOS DE GESTI\u00d3N<\/a><br><a href=\"https:\/\/web.ugelcondesuyos.com\/wp-content\/uploads\/DISCIPLINA-DESDE-UN-ENFOQUE-DE-DERECHOS.-\u00bfQUE-ENTENDEMOS-POR-DISCIPLINA-CON-ENFOQUE-DE-DERECHOS.pdf\">DISCIPLINA DESDE UN ENFOQUE DE DERECHOS. \u00bfQU\u00c9 ENTENDEMOS POR DISCIPLINA CON ENFOQUE DE DERECHOS<\/a><br><a href=\"https:\/\/web.ugelcondesuyos.com\/wp-content\/uploads\/DISCIPLINA-DESDE-UN-ENFOQUE-DE-DERECHOS.-PRINCIPIOS-PARA-UNA-DISCIPLINA-CON-ENFOQUE-DE-DERECHOS.pdf\">DISCIPLINA DESDE UN ENFOQUE DE DERECHOS. PRINCIPIOS PARA UNA DISCIPLINA CON ENFOQUE DE DERECHOS<\/a><br><a href=\"https:\/\/web.ugelcondesuyos.com\/wp-content\/uploads\/GUIA-PARA-LA-ELABORACION-DEL-REGLAMENTO-INTERNO_.pdf\">GU\u00cdA PARA LA ELABORACI\u00d3N DEL REGLAMENTO INTERNO<\/a><br><a href=\"https:\/\/web.ugelcondesuyos.com\/wp-content\/uploads\/GUIA-PARA-LA-ELABORACION-E-EMPLEMENTACION-DEL-PROYECTO-CURRICULAR.pdf\">GU\u00cdA PARA LA ELABORACI\u00d3N E EMPLEMENTACI\u00d3N DEL PROYECTO CURRICULAR<\/a><br><a href=\"https:\/\/web.ugelcondesuyos.com\/wp-content\/uploads\/GUIA-PEI_PAT-MINEDU.pdf\">GU\u00cdA PEI_PAT MINEDU<\/a><br><a href=\"https:\/\/web.ugelcondesuyos.com\/wp-content\/uploads\/MENSAJES-CLAVE-PARA-LA-IMPLEMENTACION-DE-LA-CAMPANA.pdf\">MENSAJES CLAVE PARA LA IMPLEMENTACI\u00d3N DE LA CAMPA\u00d1A<\/a><br><a href=\"https:\/\/web.ugelcondesuyos.com\/wp-content\/uploads\/ORIENTACIONES-PARA-LA-CONFORMACION-Y-FUNCIONAMIENTO-DEL-COMITE-DE-GESTION-Y-BIENESTAR.pdf\">ORIENTACIONES PARA LA CONFORMACI\u00d3N Y FUNCIONAMIENTO DEL COMITE DE GESTION Y BIENESTAR<\/a><br><a href=\"https:\/\/web.ugelcondesuyos.com\/wp-content\/uploads\/ORIENTACIONES-PARA-LA-ELABORACION-DE-NORMAS-DE-CONVIVENCIA.pdf\">ORIENTACIONES PARA LA ELABORACI\u00d3N DE NORMAS DE CONVIVENCIA<\/a><br><a href=\"https:\/\/web.ugelcondesuyos.com\/wp-content\/uploads\/ORIENTACIONES-PARA-LA-ELEBORACION-DE-DE-INSTRUMENTOS-DE-GESTION-DE-LAS-INSTITUCIONES-EDUCATIVAS-DE-EDUCACION-BASICA_.pdf\">ORIENTACIONES PARA LA ELABORACI\u00d3N DE DE INSTRUMENTOS DE GESTION DE LAS INSTITUCIONES EDUCATIVAS DE EDUCAC\u00cdON BASICA<\/a><br><a href=\"https:\/\/web.ugelcondesuyos.com\/wp-content\/uploads\/PROGRAMA-INTEGRAL-DE-LA-PREVENCION-DE-LA-VIOLENCIA-ESCOLAR.pdf\">PROGRAMA INTEGRAL DE LA PREVENCI\u00d3N DE LA VIOLENCIA ESCOLAR<\/a><br><a href=\"https:\/\/web.ugelcondesuyos.com\/wp-content\/uploads\/ORIENTACIONES-PARA-IMPLEMENTAR-PRACTICAS-RESTAURATIVAS-EN-LA-INSTITUCION-EDUCATIVA-Y-EN-EL-AULA.pdf\">ORIENTACIONES PARA IMPLEMENTAR PR\u00c1CTICAS RESTAURATIVAS EN LA IIEE<\/a><br><a href=\"https:\/\/web.ugelcondesuyos.com\/wp-content\/uploads\/GUIA-PARA-LA-ELABORACION-DE-NORMAS-DE-CONVIVENCIA-Y-MEDIDAS-CORRECTIVAS.pdf\">GU\u00cdA PARA LA ELABORACI\u00d3N DE NORMAS DE CONVIVENCIA Y MEDIDAS CORRECTIVAS<\/a><br><\/div><\/td><td><H3 class=\"collapseomatic \" id=\"id69f0d317c647d\"  tabindex=\"0\" title=\"&lt;strong&gt;&lt;strong&gt;&lt;strong&gt;PROGRAMA DE HABILIDADES SOCIOEMOCIONALES&lt;\/strong&gt;&lt;\/strong&gt;&lt;\/strong&gt;\"    ><strong><strong><strong>PROGRAMA DE HABILIDADES SOCIOEMOCIONALES<\/strong><\/strong><\/strong><\/H3><div id=\"target-id69f0d317c647d\" class=\"collapseomatic_content \"><br><a href=\"https:\/\/web.ugelcondesuyos.com\/wp-content\/uploads\/ORIENTACIONES-CICLO-IV.pdf\">ORIENTACIONES CICLO IV<\/a><br><a href=\"https:\/\/web.ugelcondesuyos.com\/wp-content\/uploads\/ORIENTACIONES-DEL-CICLO-III.pdf\">ORIENTACIONES DEL CICLO III<\/a><br><a href=\"https:\/\/web.ugelcondesuyos.com\/wp-content\/uploads\/ORIENTACIONES-DEL-CICLO-V.pdf\">ORIENTACIONES DEL CICLO V<\/a><br><a href=\"https:\/\/web.ugelcondesuyos.com\/wp-content\/uploads\/ORIENTACIONES-DEL-CICLO-VI.pdf\">ORIENTACIONES DEL CICLO VI<\/a><br><a href=\"https:\/\/web.ugelcondesuyos.com\/wp-content\/uploads\/ORIENTACIONES-DEL-CICLO-VII.pdf\">ORIENTACIONES DEL CICLO VII<\/a><br><a href=\"https:\/\/web.ugelcondesuyos.com\/wp-content\/uploads\/RECOJO-DE-INFORMACION-DEL-CICLO-VI.pdf\">RECOJO DE INFORMACION DEL CICLO VI<\/a><br><a href=\"https:\/\/web.ugelcondesuyos.com\/wp-content\/uploads\/RECOJO-DE-INFORMACION-DEL-CICLO-VII.pdf\">RECOJO DE INFORMACION DEL CICLO VII<\/a><br><a href=\"https:\/\/web.ugelcondesuyos.com\/wp-content\/uploads\/recojo-informacion-ciclo-iv.pdf\">RECOJO INFORMACI\u00d3N CICLO IV<\/a><br><\/div><\/td><\/tr><tr><td><H3 class=\"collapseomatic \" id=\"id69f0d317c6489\"  tabindex=\"0\" title=\"&lt;strong&gt;&lt;strong&gt;&lt;strong&gt;SESIONES PARA TUTOR\u00cdA&lt;\/strong&gt;&lt;\/strong&gt;&lt;\/strong&gt;\"    ><strong><strong><strong>SESIONES PARA TUTOR\u00cdA<\/strong><\/strong><\/strong><\/H3><div id=\"target-id69f0d317c6489\" class=\"collapseomatic_content \"><br><a href=\"https:\/\/web.ugelcondesuyos.com\/wp-content\/uploads\/PLAN-DE-TUTORIA-Y-SESIONES-PARA-PRIMARIA.pdf\">PLAN DE TUTOR\u00cdA Y SESIONES PARA PRIMARIA<br><\/a><a href=\"https:\/\/web.ugelcondesuyos.com\/wp-content\/uploads\/SESIONES-DE-TUTORIA-PARA-4TO-DE-SECUNDARIA.pdf\">SESIONES DE TUTOR\u00cdA PARA 4TO DE SECUNDARIA<br><\/a><a href=\"https:\/\/web.ugelcondesuyos.com\/wp-content\/uploads\/SESIONES-DE-TUTORIA-PARA-5TO-DE-SECUNDARIA.pdf\">SESIONES DE TUTOR\u00cdA PARA 5TO DE SECUNDARIA<br><\/a><a href=\"https:\/\/web.ugelcondesuyos.com\/wp-content\/uploads\/SESIONES-DE-TUTORIA-PARA-LOS-NIVELES-DE-EDUCACION-PRIMARIA_.pdf\">SESIONES DE TUTOR\u00cdA PARA LOS NIVELES DE EDUCACION PRIMARIA<\/a><br><a href=\"https:\/\/web.ugelcondesuyos.com\/wp-content\/uploads\/SESIONES-PARA-TRABAJAR-EN-TUTORIA-1ERO-DE-SECUNDARIA.pdf\">SESIONES PARA TRABAJAR EN TUTOR\u00cdA 1ERO DE SECUNDARIA<\/a><br><a href=\"https:\/\/web.ugelcondesuyos.com\/wp-content\/uploads\/SESIONES-PARA-TRABAJAR-EN-TUTORIA-2DO-DE-SECUNDARIA.pdf\">SESIONES PARA TRABAJAR EN TUTOR\u00cdA 2DO DE SECUNDARIA<\/a><br><a href=\"https:\/\/web.ugelcondesuyos.com\/wp-content\/uploads\/SESIONES-PARA-TRABAJAR-EN-TUTORIA-3ERO-DE-SECUNDARIA.pdf\">SESIONES PARA TRABAJAR EN TUTOR\u00cdA 3ERO DE SECUNDARIA<\/a><br><\/div><\/td><td><H3 class=\"collapseomatic \" id=\"id69f0d317c6496\"  tabindex=\"0\" title=\"&lt;strong&gt;TOECE 2023&lt;\/strong&gt;\"    ><strong>TOECE 2023<\/strong><\/H3><div id=\"target-id69f0d317c6496\" class=\"collapseomatic_content \"><br><a href=\"https:\/\/drive.google.com\/drive\/folders\/1jWJWcULJkMMTlXhTUYB9rPjea1WnvgxU?usp=sharing\">TOECE 2023<\/a><br><\/div><\/td><\/tr><\/tbody><\/table><\/figure>\n","protected":false},"excerpt":{"rendered":"","protected":false},"author":1,"featured_media":0,"parent":0,"menu_order":0,"comment_status":"closed","ping_status":"closed","template":"","meta":{"footnotes":""},"_links":{"self":[{"href":"https:\/\/web.ugelcondesuyos.com\/index.php?rest_route=\/wp\/v2\/pages\/5737"}],"collection":[{"href":"https:\/\/web.ugelcondesuyos.com\/index.php?rest_route=\/wp\/v2\/pages"}],"about":[{"href":"https:\/\/web.ugelcondesuyos.com\/index.php?rest_route=\/wp\/v2\/types\/page"}],"author":[{"embeddable":true,"href":"https:\/\/web.ugelcondesuyos.com\/index.php?rest_route=\/wp\/v2\/users\/1"}],"replies":[{"embeddable":true,"href":"https:\/\/web.ugelcondesuyos.com\/index.php?rest_route=%2Fwp%2Fv2%2Fcomments&post=5737"}],"version-history":[{"count":14,"href":"https:\/\/web.ugelcondesuyos.com\/index.php?rest_route=\/wp\/v2\/pages\/5737\/revisions"}],"predecessor-version":[{"id":7357,"href":"https:\/\/web.ugelcondesuyos.com\/index.php?rest_route=\/wp\/v2\/pages\/5737\/revisions\/7357"}],"wp:attachment":[{"href":"https:\/\/web.ugelcondesuyos.com\/index.php?rest_route=%2Fwp%2Fv2%2Fmedia&parent=5737"}],"curies":[{"name":"wp","href":"https:\/\/api.w.org\/{rel}","templated":true}]}}